{"id":18306,"date":"2026-04-22T06:51:29","date_gmt":"2026-04-22T06:51:29","guid":{"rendered":"https:\/\/ppadilla.es\/?page_id=18306"},"modified":"2026-04-22T06:51:29","modified_gmt":"2026-04-22T06:51:29","slug":"mentions-legales","status":"publish","type":"page","link":"https:\/\/ppadilla.es\/fr\/mentions-legales\/","title":{"rendered":"Mentions l\u00e9gales"},"content":{"rendered":"<div class=\"wpb-content-wrapper\"><p>[vc_row css=\u00a0\u00bb.vc_custom_1708598241874{padding-top: 100px !important;padding-bottom: 100px !important;background-color: #515151 !important;}\u00a0\u00bb][vc_column][vc_single_image image=\u00a0\u00bb15125&Prime; img_size=\u00a0\u00bb70X70&Prime; alignment=\u00a0\u00bbcenter\u00a0\u00bb][vc_custom_heading text=\u00a0\u00bbMENTIONS L\u00c9GALES\u00a0\u00bb font_container=\u00a0\u00bbtag:h1|text_align:center|color:%23ffffff\u00a0\u00bb use_theme_fonts=\u00a0\u00bbyes\u00a0\u00bb][vc_separator color=\u00a0\u00bbwhite\u00a0\u00bb border_width=\u00a0\u00bb3&Prime; el_width=\u00a0\u00bb10&Prime;][\/vc_column][\/vc_row][vc_row row_content_width=\u00a0\u00bbgrid\u00a0\u00bb css=\u00a0\u00bb.vc_custom_1708599322800{padding-top: 70px !important;padding-right: 30px !important;padding-bottom: 70px !important;padding-left: 30px !important;}\u00a0\u00bb][vc_column][vc_column_text]<\/p>\n<h2>LOI POUR LA CONFIANCE DANS L\u2019\u00c9CONOMIE NUM\u00c9RIQUE (LCEN)<\/h2>\n<p>PUERTAS PADILLA, S.L., responsable du site web, ci-apr\u00e8s le RESPONSABLE, met \u00e0 la disposition des utilisateurs le pr\u00e9sent document afin de se conformer aux obligations pr\u00e9vues par la l\u00e9gislation applicable en mati\u00e8re de services de la soci\u00e9t\u00e9 de l\u2019information et du commerce \u00e9lectronique, et d\u2019informer l\u2019ensemble des utilisateurs du site des conditions d\u2019utilisation.<\/p>\n<p>&nbsp;<\/p>\n<p>Toute personne acc\u00e9dant \u00e0 ce site web assume la qualit\u00e9 d\u2019utilisateur et s\u2019engage \u00e0 respecter strictement les dispositions \u00e9nonc\u00e9es dans les pr\u00e9sentes ainsi que toute autre disposition l\u00e9gale applicable.<\/p>\n<p>&nbsp;<\/p>\n<p>PUERTAS PADILLA, S.L. se r\u00e9serve le droit de modifier \u00e0 tout moment toute information pouvant appara\u00eetre sur le site web, sans obligation de pr\u00e9avis, la publication sur le site \u00e9tant consid\u00e9r\u00e9e comme suffisante.<\/p>\n<p>&nbsp;<\/p>\n<h3>1. INFORMATIONS L\u00c9GALES<\/h3>\n<p><strong>Nom de domaine<\/strong> : ppadilla.es<br \/>\n<strong>Nom commercial<\/strong> : PADILLA Fire Doors<br \/>\n<strong>D\u00e9nomination sociale<\/strong> : PUERTAS PADILLA, S.L.<br \/>\n<strong>Num\u00e9ro d\u2019identification fiscale<\/strong> : B30668602<br \/>\n<strong>Si\u00e8ge social<\/strong> : Av. Constituci\u00f3n Espa\u00f1ola 73, 30330 Cartagena (MURCIA), Espagne<br \/>\n<strong>T\u00e9l\u00e9phone<\/strong> : 968160092<br \/>\n<strong>E-mail<\/strong> : info@ppadilla.es<br \/>\nInscrite au Registre du Commerce de Murcia, tome 81, folio 71, feuille 1743, inscription 1.<\/p>\n<p>&nbsp;<\/p>\n<h3>2. PROPRI\u00c9T\u00c9 INTELLECTUELLE ET INDUSTRIELLE<\/h3>\n<p>Le site web, y compris, \u00e0 titre indicatif et non limitatif, sa programmation, son \u00e9dition, sa compilation et les autres \u00e9l\u00e9ments n\u00e9cessaires \u00e0 son fonctionnement, ainsi que les designs, logos, textes et\/ou graphiques, sont la propri\u00e9t\u00e9 du RESPONSABLE ou font l\u2019objet d\u2019une licence ou autorisation expresse des auteurs. L\u2019ensemble des contenus du site est prot\u00e9g\u00e9 par la r\u00e9glementation relative \u00e0 la propri\u00e9t\u00e9 intellectuelle et industrielle.<\/p>\n<p>Toute reproduction, m\u00eame partielle, utilisation, exploitation, distribution ou commercialisation n\u00e9cessite l\u2019autorisation \u00e9crite pr\u00e9alable du RESPONSABLE. Toute utilisation non autoris\u00e9e constitue une violation grave des droits de propri\u00e9t\u00e9 intellectuelle ou industrielle.<\/p>\n<p>Les \u00e9l\u00e9ments appartenant \u00e0 des tiers restent la propri\u00e9t\u00e9 de leurs titulaires respectifs, qui assument la responsabilit\u00e9 de tout litige \u00e9ventuel. Le RESPONSABLE autorise express\u00e9ment la cr\u00e9ation de liens directs vers des contenus sp\u00e9cifiques du site, ainsi que vers la page d\u2019accueil ppadilla.es.<\/p>\n<p>Le RESPONSABLE reconna\u00eet les droits de propri\u00e9t\u00e9 correspondants \u00e0 leurs titulaires. Leur mention sur le site n\u2019implique ni responsabilit\u00e9, ni approbation, ni recommandation.<\/p>\n<p>Pour toute remarque concernant d\u2019\u00e9ventuelles violations, vous pouvez \u00e9crire \u00e0 info@ppadilla.es.<\/p>\n<p>&nbsp;<\/p>\n<h3>3. LIMITATION DE RESPONSABILIT\u00c9<\/h3>\n<p>Le RESPONSABLE d\u00e9cline toute responsabilit\u00e9 quant aux informations publi\u00e9es sur son site si celles-ci ont \u00e9t\u00e9 manipul\u00e9es ou introduites par un tiers, ou si, en ayant connaissance, il a agi avec diligence pour les supprimer ou en emp\u00eacher l\u2019acc\u00e8s.<\/p>\n<h4><strong>Utilisation des cookies<\/strong><\/h4>\n<p>Ce site peut utiliser des cookies techniques n\u00e9cessaires \u00e0 son bon fonctionnement. Ces cookies sont temporaires et disparaissent \u00e0 la fin de la session. Ils ne collectent pas de donn\u00e9es personnelles.<\/p>\n<p>Des cookies peuvent \u00e9galement \u00eatre utilis\u00e9s pour faciliter la navigation, mesurer l\u2019audience ou analyser le trafic. Aucun cookie non essentiel ne sera install\u00e9 sans le consentement pr\u00e9alable de l\u2019utilisateur.<\/p>\n<p>L\u2019utilisateur peut configurer son navigateur pour \u00eatre inform\u00e9 de la r\u00e9ception de cookies et refuser leur installation.<\/p>\n<h4><strong>Politique de liens<\/strong><\/h4>\n<p>Le site peut contenir des liens vers des sites tiers. Le RESPONSABLE ne peut contr\u00f4ler leurs contenus et d\u00e9cline toute responsabilit\u00e9 \u00e0 cet \u00e9gard. Tout contenu illicite sera supprim\u00e9 imm\u00e9diatement apr\u00e8s notification.<\/p>\n<p>Le RESPONSABLE n\u2019est pas responsable des contenus publi\u00e9s par des tiers via forums, commentaires ou r\u00e9seaux sociaux. Toutefois, il coop\u00e9rera activement avec les autorit\u00e9s pour retirer tout contenu illicite.<\/p>\n<p>Le site a \u00e9t\u00e9 test\u00e9 pour fonctionner correctement, mais le RESPONSABLE ne peut garantir l\u2019absence totale d\u2019erreurs ni l\u2019acc\u00e8s continu en cas de force majeure.<\/p>\n<h4><strong>Adresses IP<\/strong><\/h4>\n<p>Les serveurs peuvent enregistrer automatiquement l\u2019adresse IP des utilisateurs \u00e0 des fins purement statistiques (trafic, visites, etc.).<\/p>\n<p>&nbsp;<\/p>\n<h3>4. DROIT APPLICABLE ET JURIDICTION<\/h3>\n<p>Tout litige relatif au site ou \u00e0 ses activit\u00e9s est soumis au droit espagnol. Les tribunaux comp\u00e9tents seront ceux du domicile de l\u2019utilisateur ou du lieu d\u2019ex\u00e9cution de l\u2019obligation.[\/vc_column_text][\/vc_column][\/vc_row]<\/p>\n<\/div>","protected":false},"excerpt":{"rendered":"<p>[vc_row css=\u00a0\u00bb.vc_custom_1708598241874{padding-top: 100px !important;padding-bottom: 100px !important;background-color: #515151 !important;}\u00a0\u00bb][vc_column][vc_single_image image=\u00a0\u00bb15125&Prime; img_size=\u00a0\u00bb70X70&Prime; alignment=\u00a0\u00bbcenter\u00a0\u00bb][vc_custom_heading text=\u00a0\u00bbMENTIONS L\u00c9GALES\u00a0\u00bb font_container=\u00a0\u00bbtag:h1|text_align:center|color:%23ffffff\u00a0\u00bb use_theme_fonts=\u00a0\u00bbyes\u00a0\u00bb][vc_separator color=\u00a0\u00bbwhite\u00a0\u00bb border_width=\u00a0\u00bb3&Prime; el_width=\u00a0\u00bb10&Prime;][\/vc_column][\/vc_row][vc_row row_content_width=\u00a0\u00bbgrid\u00a0\u00bb css=\u00a0\u00bb.vc_custom_1708599322800{padding-top: 70px !important;padding-right: 30px !important;padding-bottom: 70px !important;padding-left: 30px !important;}\u00a0\u00bb][vc_column][vc_column_text] LOI POUR LA CONFIANCE DANS L\u2019\u00c9CONOMIE NUM\u00c9RIQUE (LCEN) PUERTAS PADILLA, S.L., responsable du site web, ci-apr\u00e8s le [&hellip;]<\/p>\n","protected":false},"author":9,"featured_media":0,"parent":0,"menu_order":0,"comment_status":"closed","ping_status":"closed","template":"full-width.php","meta":{"_acf_changed":false,"footnotes":""},"class_list":["post-18306","page","type-page","status-publish","hentry"],"acf":[],"yoast_head":"<!-- This site is optimized with the Yoast SEO plugin v26.8 - https:\/\/yoast.com\/product\/yoast-seo-wordpress\/ -->\n<title>Mentions l\u00e9gales | PADILLA Fire Doors<\/title>\n<meta name=\"description\" content=\"Consultez les mentions l\u00e9gales du site PADILLA Fire Doors : informations sur l\u2019\u00e9diteur, propri\u00e9t\u00e9 intellectuelle, responsabilit\u00e9s et conditions d\u2019utilisation du site web.\" \/>\n<meta name=\"robots\" content=\"index, follow, max-snippet:-1, max-image-preview:large, max-video-preview:-1\" \/>\n<link rel=\"canonical\" href=\"https:\/\/ppadilla.es\/fr\/mentions-legales\/\" \/>\n<meta property=\"og:locale\" content=\"fr_FR\" \/>\n<meta property=\"og:type\" content=\"article\" \/>\n<meta property=\"og:title\" content=\"Mentions l\u00e9gales | PADILLA Fire Doors\" \/>\n<meta property=\"og:description\" content=\"Consultez les mentions l\u00e9gales du site PADILLA Fire Doors : informations sur l\u2019\u00e9diteur, propri\u00e9t\u00e9 intellectuelle, responsabilit\u00e9s et conditions d\u2019utilisation du site web.\" \/>\n<meta property=\"og:url\" content=\"https:\/\/ppadilla.es\/fr\/mentions-legales\/\" \/>\n<meta property=\"og:site_name\" content=\"Puertas Padilla\" \/>\n<meta name=\"twitter:card\" content=\"summary_large_image\" \/>\n<meta name=\"twitter:label1\" content=\"Dur\u00e9e de lecture estim\u00e9e\" \/>\n\t<meta name=\"twitter:data1\" content=\"4 minutes\" \/>\n<script type=\"application\/ld+json\" class=\"yoast-schema-graph\">{\"@context\":\"https:\/\/schema.org\",\"@graph\":[{\"@type\":\"WebPage\",\"@id\":\"https:\/\/ppadilla.es\/fr\/mentions-legales\/\",\"url\":\"https:\/\/ppadilla.es\/fr\/mentions-legales\/\",\"name\":\"Mentions l\u00e9gales | PADILLA Fire Doors\",\"isPartOf\":{\"@id\":\"https:\/\/ppadilla.es\/#website\"},\"datePublished\":\"2026-04-22T06:51:29+00:00\",\"description\":\"Consultez les mentions l\u00e9gales du site PADILLA Fire Doors : informations sur l\u2019\u00e9diteur, propri\u00e9t\u00e9 intellectuelle, responsabilit\u00e9s et conditions d\u2019utilisation du site web.\",\"breadcrumb\":{\"@id\":\"https:\/\/ppadilla.es\/fr\/mentions-legales\/#breadcrumb\"},\"inLanguage\":\"fr-FR\",\"potentialAction\":[{\"@type\":\"ReadAction\",\"target\":[\"https:\/\/ppadilla.es\/fr\/mentions-legales\/\"]}]},{\"@type\":\"BreadcrumbList\",\"@id\":\"https:\/\/ppadilla.es\/fr\/mentions-legales\/#breadcrumb\",\"itemListElement\":[{\"@type\":\"ListItem\",\"position\":1,\"name\":\"Portada\",\"item\":\"https:\/\/ppadilla.es\/fr\/\"},{\"@type\":\"ListItem\",\"position\":2,\"name\":\"Mentions l\u00e9gales\"}]},{\"@type\":\"WebSite\",\"@id\":\"https:\/\/ppadilla.es\/#website\",\"url\":\"https:\/\/ppadilla.es\/\",\"name\":\"Puertas Padilla\",\"description\":\"L\u00cdDERES EN PUERTAS CORTAFUEGOS\",\"potentialAction\":[{\"@type\":\"SearchAction\",\"target\":{\"@type\":\"EntryPoint\",\"urlTemplate\":\"https:\/\/ppadilla.es\/?s={search_term_string}\"},\"query-input\":{\"@type\":\"PropertyValueSpecification\",\"valueRequired\":true,\"valueName\":\"search_term_string\"}}],\"inLanguage\":\"fr-FR\"}]}<\/script>\n<!-- \/ Yoast SEO plugin. -->","yoast_head_json":{"title":"Mentions l\u00e9gales | PADILLA Fire Doors","description":"Consultez les mentions l\u00e9gales du site PADILLA Fire Doors : informations sur l\u2019\u00e9diteur, propri\u00e9t\u00e9 intellectuelle, responsabilit\u00e9s et conditions d\u2019utilisation du site web.","robots":{"index":"index","follow":"follow","max-snippet":"max-snippet:-1","max-image-preview":"max-image-preview:large","max-video-preview":"max-video-preview:-1"},"canonical":"https:\/\/ppadilla.es\/fr\/mentions-legales\/","og_locale":"fr_FR","og_type":"article","og_title":"Mentions l\u00e9gales | PADILLA Fire Doors","og_description":"Consultez les mentions l\u00e9gales du site PADILLA Fire Doors : informations sur l\u2019\u00e9diteur, propri\u00e9t\u00e9 intellectuelle, responsabilit\u00e9s et conditions d\u2019utilisation du site web.","og_url":"https:\/\/ppadilla.es\/fr\/mentions-legales\/","og_site_name":"Puertas Padilla","twitter_card":"summary_large_image","twitter_misc":{"Dur\u00e9e de lecture estim\u00e9e":"4 minutes"},"schema":{"@context":"https:\/\/schema.org","@graph":[{"@type":"WebPage","@id":"https:\/\/ppadilla.es\/fr\/mentions-legales\/","url":"https:\/\/ppadilla.es\/fr\/mentions-legales\/","name":"Mentions l\u00e9gales | PADILLA Fire Doors","isPartOf":{"@id":"https:\/\/ppadilla.es\/#website"},"datePublished":"2026-04-22T06:51:29+00:00","description":"Consultez les mentions l\u00e9gales du site PADILLA Fire Doors : informations sur l\u2019\u00e9diteur, propri\u00e9t\u00e9 intellectuelle, responsabilit\u00e9s et conditions d\u2019utilisation du site web.","breadcrumb":{"@id":"https:\/\/ppadilla.es\/fr\/mentions-legales\/#breadcrumb"},"inLanguage":"fr-FR","potentialAction":[{"@type":"ReadAction","target":["https:\/\/ppadilla.es\/fr\/mentions-legales\/"]}]},{"@type":"BreadcrumbList","@id":"https:\/\/ppadilla.es\/fr\/mentions-legales\/#breadcrumb","itemListElement":[{"@type":"ListItem","position":1,"name":"Portada","item":"https:\/\/ppadilla.es\/fr\/"},{"@type":"ListItem","position":2,"name":"Mentions l\u00e9gales"}]},{"@type":"WebSite","@id":"https:\/\/ppadilla.es\/#website","url":"https:\/\/ppadilla.es\/","name":"Puertas Padilla","description":"L\u00cdDERES EN PUERTAS CORTAFUEGOS","potentialAction":[{"@type":"SearchAction","target":{"@type":"EntryPoint","urlTemplate":"https:\/\/ppadilla.es\/?s={search_term_string}"},"query-input":{"@type":"PropertyValueSpecification","valueRequired":true,"valueName":"search_term_string"}}],"inLanguage":"fr-FR"}]}},"_links":{"self":[{"href":"https:\/\/ppadilla.es\/fr\/wp-json\/wp\/v2\/pages\/18306","targetHints":{"allow":["GET"]}}],"collection":[{"href":"https:\/\/ppadilla.es\/fr\/wp-json\/wp\/v2\/pages"}],"about":[{"href":"https:\/\/ppadilla.es\/fr\/wp-json\/wp\/v2\/types\/page"}],"author":[{"embeddable":true,"href":"https:\/\/ppadilla.es\/fr\/wp-json\/wp\/v2\/users\/9"}],"replies":[{"embeddable":true,"href":"https:\/\/ppadilla.es\/fr\/wp-json\/wp\/v2\/comments?post=18306"}],"version-history":[{"count":2,"href":"https:\/\/ppadilla.es\/fr\/wp-json\/wp\/v2\/pages\/18306\/revisions"}],"predecessor-version":[{"id":18310,"href":"https:\/\/ppadilla.es\/fr\/wp-json\/wp\/v2\/pages\/18306\/revisions\/18310"}],"wp:attachment":[{"href":"https:\/\/ppadilla.es\/fr\/wp-json\/wp\/v2\/media?parent=18306"}],"curies":[{"name":"wp","href":"https:\/\/api.w.org\/{rel}","templated":true}]}}