{"id":13467,"date":"2024-04-05T09:49:37","date_gmt":"2024-04-05T09:49:37","guid":{"rendered":"https:\/\/ppadilla.es\/portes-de-padilla\/"},"modified":"2024-07-01T12:07:19","modified_gmt":"2024-07-01T12:07:19","slug":"portes-de-padilla","status":"publish","type":"page","link":"https:\/\/ppadilla.es\/fr\/portes-de-padilla\/","title":{"rendered":"PADILLA"},"content":{"rendered":"<div class=\"wpb-content-wrapper\"><p>[vc_row content_text_aligment=\u00a0\u00bbcenter\u00a0\u00bb css=\u00a0\u00bb.vc_custom_1701680138947{padding-top: 100px !important;padding-bottom: 100px !important;background-image: url(https:\/\/ppadilla.es\/wp-content\/uploads\/2023\/11\/CABECERA-LA-EMPRESA.png?id=10775) !important;background-position: center !important;background-repeat: no-repeat !important;background-size: cover !important;}\u00a0\u00bb el_class=\u00a0\u00bbcabecera\u00a0\u00bb][vc_column css=\u00a0\u00bb.vc_custom_1621932560241{margin-top: -15px !important;}\u00a0\u00bb][vc_single_image image=\u00a0\u00bb15125&Prime; img_size=\u00a0\u00bb70X70&Prime; alignment=\u00a0\u00bbcenter\u00a0\u00bb][vc_custom_heading text=\u00a0\u00bbPADILLA FIRE DOORS\u00a0\u00bb font_container=\u00a0\u00bbtag:h1|text_align:center|color:%23ffffff\u00a0\u00bb use_theme_fonts=\u00a0\u00bbyes\u00a0\u00bb][vc_custom_heading text=\u00a0\u00bbLeaders en innovation et internationalisation accompagn\u00e9 d&rsquo;une qualit\u00e9 certifi\u00e9e\u00a0\u00bb font_container=\u00a0\u00bbtag:h3|text_align:center|color:%23ffffff\u00a0\u00bb use_theme_fonts=\u00a0\u00bbyes\u00a0\u00bb][vc_separator color=\u00a0\u00bbwhite\u00a0\u00bb border_width=\u00a0\u00bb3&Prime; el_width=\u00a0\u00bb10&Prime;][\/vc_column][\/vc_row][vc_row content_text_aligment=\u00a0\u00bbcenter\u00a0\u00bb][vc_column][vc_custom_heading text=\u00a0\u00bbL&rsquo;ENTREPRISE\u00a0\u00bb font_container=\u00a0\u00bbtag:h2|text_align:center|color:%23000000&Prime; use_theme_fonts=\u00a0\u00bbyes\u00a0\u00bb]<div class=\"eltdf-separator-holder clearfix  eltdf-separator-center eltdf-separator-normal\">\n\t<div class=\"eltdf-separator\" style=\"border-color: #000000;width: 100px\"><\/div>\n<\/div>\n[vc_row_inner row_content_width=\u00a0\u00bbgrid\u00a0\u00bb content_text_aligment=\u00a0\u00bbleft\u00a0\u00bb css=\u00a0\u00bb.vc_custom_1701680312762{padding-top: 70px !important;}\u00a0\u00bb][vc_column_inner width=\u00a0\u00bb1\/2&Prime; css=\u00a0\u00bb.vc_custom_1614186263950{padding-right: 50px !important;padding-left: 50px !important;}\u00a0\u00bb][vc_column_text el_class=\u00a0\u00bbtexto\u00a0\u00bb]En 1987, nous avons entam\u00e9 une aventure passionnante : incendie, s\u00e9curit\u00e9, portes. Un long chemin qui, depuis le si\u00e8ge, situ\u00e9e dans la r\u00e9gion de Murcie, a prit comme objectif prioritaire la sp\u00e9cialisation et l&rsquo;excellence. Tout au long de ces plus de 30 ans d&rsquo;exp\u00e9rience, nous avons consacr\u00e9 nos efforts sur l&rsquo;investissement technologique, la recherche et le d\u00e9veloppement.<\/p>\n<p>Conscients que, dans un march\u00e9 hautement comp\u00e9titif, seule une qualit\u00e9 de haut niveau peut r\u00e9ussir.<\/p>\n<p>Ayant grandi au rythme de nos r\u00eaves, nous avons su \u00e9largir notre zone d&rsquo;influence sur le march\u00e9 international. De l&rsquo;inauguration de notre premier si\u00e8ge au Portugal \u00e0 l&rsquo;incorporation de notre derni\u00e8re filiale en Colombie, en passant par l&rsquo;Italie, la Pologne, la France, le Maroc et la Turquie.[\/vc_column_text][\/vc_column_inner][vc_column_inner width=\u00a0\u00bb1\/2&Prime;][vc_single_image image=\u00a0\u00bb13952&Prime; img_size=\u00a0\u00bbfull\u00a0\u00bb][\/vc_column_inner][\/vc_row_inner][vc_row_inner row_content_width=\u00a0\u00bbgrid\u00a0\u00bb content_text_aligment=\u00a0\u00bbleft\u00a0\u00bb css=\u00a0\u00bb.vc_custom_1698925353218{padding-top: 70px !important;padding-bottom: 70px !important;}\u00a0\u00bb][vc_column_inner width=\u00a0\u00bb1\/2&Prime; css=\u00a0\u00bb.vc_custom_1614186263950{padding-right: 50px !important;padding-left: 50px !important;}\u00a0\u00bb][vc_single_image image=\u00a0\u00bb13951&Prime; img_size=\u00a0\u00bbfull\u00a0\u00bb][\/vc_column_inner][vc_column_inner width=\u00a0\u00bb1\/2&Prime;][vc_column_text el_class=\u00a0\u00bbtexto\u00a0\u00bb]L&rsquo;effort, la rigueur et l&rsquo;engagement nous ont permis de cr\u00e9er notre propre marque, Padilla Fire Doors. Notre ambition innovante nous a conduit vers un d\u00e9veloppement de nos produits qui ont ouvert de nouvelles lignes de march\u00e9. Mais le succ\u00e8s de notre marque est d\u00fb au professionnalisme incontestable de nos \u00e9quipes. Des \u00e9quipes qui, gr\u00e2ce \u00e0 leur dynamisme, leurs savoirs faire et leur exp\u00e9rience, font de Padilla Fire Doors une r\u00e9f\u00e9rence internationale en mati\u00e8re de portes coupe-feu et de s\u00e9curit\u00e9.<\/p>\n<p>Le chemin se fait en marchant. C&rsquo;est pourquoi, Padilla Fire Doors, apr\u00e8s avoir travers\u00e9 tant de pays et relev\u00e9 les d\u00e9fis les plus difficiles, poursuit \u00e0 diriger son secteur, motiv\u00e9e tout en sachant que les efforts seront r\u00e9compens\u00e9s.[\/vc_column_text][\/vc_column_inner][\/vc_row_inner][\/vc_column][\/vc_row][vc_row content_text_aligment=\u00a0\u00bbcenter\u00a0\u00bb css=\u00a0\u00bb.vc_custom_1701680352179{padding-top: 100px !important;padding-bottom: 100px !important;background-image: url(https:\/\/ppadilla.es\/wp-content\/uploads\/2023\/11\/PREMIOS-Y-RECONOCIMIENTOS.jpg?id=10785) !important;background-position: center !important;background-repeat: no-repeat !important;background-size: cover !important;}\u00a0\u00bb el_class=\u00a0\u00bbcabecera\u00a0\u00bb][vc_column][vc_row_inner row_content_width=\u00a0\u00bbgrid\u00a0\u00bb content_text_aligment=\u00a0\u00bbleft\u00a0\u00bb][vc_column_inner][vc_custom_heading text=\u00a0\u00bbPRIX ET RECONNAISSANCES\u00a0\u00bb font_container=\u00a0\u00bbtag:h2|text_align:center|color:%23ffffff\u00a0\u00bb use_theme_fonts=\u00a0\u00bbyes\u00a0\u00bb]<div class=\"eltdf-separator-holder clearfix  eltdf-separator-center eltdf-separator-normal\">\n\t<div class=\"eltdf-separator\" style=\"border-color: #ffffff;width: 100px;margin-bottom: 50px\"><\/div>\n<\/div>\n[vc_column_text el_class=\u00a0\u00bbtexto\u00a0\u00bb]<\/p>\n<ul style=\"color: #fff;\">\n<li>Prix FREMM de l&rsquo;esprit d&rsquo;entreprise<\/li>\n<li>Prix AJE<\/li>\n<li>Prix d&rsquo;excellence COEC pour les entreprises<\/li>\n<li>Prix de l&rsquo;internationalisation de l&rsquo;AJE<\/li>\n<li>Prix Actualidad Econ\u00f3mica<\/li>\n<li>Prix du monde des affaires<\/li>\n<li>Prix de l&rsquo;expansion pour la meilleure entreprise d&rsquo;internationalisation, IFEMA<\/li>\n<\/ul>\n<p>[\/vc_column_text][\/vc_column_inner][\/vc_row_inner][\/vc_column][\/vc_row][vc_row css=\u00a0\u00bb.vc_custom_1698925886450{padding-top: 70px !important;padding-bottom: 100px !important;}\u00a0\u00bb][vc_column][vc_custom_heading text=\u00a0\u00bbNOUS SOMMES MEMBRES\u00a0\u00bb font_container=\u00a0\u00bbtag:h2|text_align:center|color:%23000000&Prime; use_theme_fonts=\u00a0\u00bbyes\u00a0\u00bb]<div class=\"eltdf-separator-holder clearfix  eltdf-separator-center eltdf-separator-normal\">\n\t<div class=\"eltdf-separator\" style=\"border-color: #000000;width: 100px;margin-bottom: 50px\"><\/div>\n<\/div>\n[vc_row_inner row_content_width=\u00a0\u00bbgrid\u00a0\u00bb el_class=\u00a0\u00bblistalogoscolaboradores\u00a0\u00bb][vc_column_inner width=\u00a0\u00bb1\/4&Prime;][vc_single_image image=\u00a0\u00bb13949&Prime; img_size=\u00a0\u00bbfull\u00a0\u00bb alignment=\u00a0\u00bbcenter\u00a0\u00bb][vc_column_text]<\/p>\n<p style=\"text-align: center;\"><a href=\"https:\/\/www.apsei.org.pt\/\" target=\"_blank\" rel=\"noopener\">APSEI, Associa\u00e7\u00e3o Portuguesa de Seguran\u00e7a<\/a><\/p>\n<p>[\/vc_column_text][\/vc_column_inner][vc_column_inner width=\u00a0\u00bb1\/4&Prime;][vc_single_image image=\u00a0\u00bb13948&Prime; img_size=\u00a0\u00bbfull\u00a0\u00bb alignment=\u00a0\u00bbcenter\u00a0\u00bb][vc_column_text]<\/p>\n<p style=\"text-align: center;\"><a href=\"https:\/\/ospzpisr.com.pl\/\" target=\"_blank\" rel=\"noopener\">Og\u00f3lnopolskie Stowarzyszenie Producent\u00f3w Zabezpiecze\u0144 Przeciwpo\u017carowych i Sprz\u0119tu Ratowniczego <\/a><\/p>\n<p>[\/vc_column_text][\/vc_column_inner][vc_column_inner width=\u00a0\u00bb1\/4&Prime;][vc_single_image image=\u00a0\u00bb15136&Prime; img_size=\u00a0\u00bbfull\u00a0\u00bb alignment=\u00a0\u00bbcenter\u00a0\u00bb][vc_column_text]<\/p>\n<p style=\"text-align: center;\"><a href=\"https:\/\/www.ul.com\/\" target=\"_blank\" rel=\"noopener\">NORME UL POUR LA S\u00c9CURIT\u00c9<\/a><\/p>\n<p>[\/vc_column_text][\/vc_column_inner][vc_column_inner width=\u00a0\u00bb1\/4&Prime;][vc_single_image image=\u00a0\u00bb13947&Prime; img_size=\u00a0\u00bbfull\u00a0\u00bb alignment=\u00a0\u00bbcenter\u00a0\u00bb][vc_column_text]<\/p>\n<p style=\"text-align: center;\"><a href=\"https:\/\/aepa.ws\/\" target=\"_blank\" rel=\"noopener\">AEPA, Association des entreprises de portes manuelles et automatiques <\/a><\/p>\n<p>[\/vc_column_text][\/vc_column_inner][\/vc_row_inner][\/vc_column][\/vc_row][vc_row css=\u00a0\u00bb.vc_custom_1698926184034{padding-top: 70px !important;padding-bottom: 100px !important;background-color: #eaeaea !important;}\u00a0\u00bb][vc_column][vc_custom_heading text=\u00a0\u00bbLES PORTES DE PADILLA EN IMAGES\u00a0\u00bb font_container=\u00a0\u00bbtag:h2|text_align:center|color:%23000000&Prime; use_theme_fonts=\u00a0\u00bbyes\u00a0\u00bb]<div class=\"eltdf-separator-holder clearfix  eltdf-separator-center eltdf-separator-normal\">\n\t<div class=\"eltdf-separator\" style=\"border-color: #000000;width: 100px;margin-bottom: 50px\"><\/div>\n<\/div>\n[vc_row_inner row_content_width=\u00a0\u00bbgrid\u00a0\u00bb][vc_column_inner width=\u00a0\u00bb1\/3&Prime;][vc_video link=\u00a0\u00bbhttps:\/\/youtu.be\/3nBqiZm5KEg\u00a0\u00bb][vc_custom_heading text=\u00a0\u00bbPadilla Fire Doors L&rsquo;entreprise\u00a0\u00bb font_container=\u00a0\u00bbtag:h4|text_align:left|color:%23000000&Prime; use_theme_fonts=\u00a0\u00bbyes\u00a0\u00bb][\/vc_column_inner][vc_column_inner width=\u00a0\u00bb1\/3&Prime;][vc_video link=\u00a0\u00bbhttps:\/\/youtu.be\/OyUTRWtfQfE\u00a0\u00bb][vc_custom_heading text=\u00a0\u00bbPadilla Fire Doors lutte contre la pand\u00e9mie\u00a0\u00bb font_container=\u00a0\u00bbtag:h4|text_align:left|color:%23000000&Prime; use_theme_fonts=\u00a0\u00bbyes\u00a0\u00bb][\/vc_column_inner][vc_column_inner width=\u00a0\u00bb1\/3&Prime;][vc_video link=\u00a0\u00bbhttps:\/\/youtu.be\/hobGlejQYOg\u00a0\u00bb][vc_custom_heading text=\u00a0\u00bbPadilla Fire Doors L&rsquo;image\u00a0\u00bb font_container=\u00a0\u00bbtag:h4|text_align:left|color:%23000000&Prime; use_theme_fonts=\u00a0\u00bbyes\u00a0\u00bb][\/vc_column_inner][\/vc_row_inner][\/vc_column][\/vc_row][vc_row css=\u00a0\u00bb.vc_custom_1698925886450{padding-top: 70px !important;padding-bottom: 100px !important;}\u00a0\u00bb][vc_column][vc_custom_heading text=\u00a0\u00bbPARTENARIATS ET ACCORDS\u00a0\u00bb font_container=\u00a0\u00bbtag:h2|text_align:center|color:%23000000&Prime; use_theme_fonts=\u00a0\u00bbyes\u00a0\u00bb]<div class=\"eltdf-separator-holder clearfix  eltdf-separator-center eltdf-separator-normal\">\n\t<div class=\"eltdf-separator\" style=\"border-color: #000000;width: 100px;margin-bottom: 50px\"><\/div>\n<\/div>\n[vc_row_inner row_content_width=\u00a0\u00bbgrid\u00a0\u00bb el_class=\u00a0\u00bblistalogoscolaboradores\u00a0\u00bb][vc_column_inner width=\u00a0\u00bb1\/4&Prime;][vc_single_image image=\u00a0\u00bb13946&Prime; img_size=\u00a0\u00bbfull\u00a0\u00bb alignment=\u00a0\u00bbcenter\u00a0\u00bb][vc_column_text]<\/p>\n<p style=\"text-align: center;\"><a href=\"https:\/\/fundaciongomezpardo.es\/\" target=\"_blank\" rel=\"noopener\">Fondation<br \/>\nG\u00f3mez-Pardo<\/a><\/p>\n<p>[\/vc_column_text][\/vc_column_inner][vc_column_inner width=\u00a0\u00bb1\/4&Prime;][vc_single_image image=\u00a0\u00bb13945&Prime; img_size=\u00a0\u00bbfull\u00a0\u00bb alignment=\u00a0\u00bbcenter\u00a0\u00bb][vc_column_text]<\/p>\n<p style=\"text-align: center;\"><a href=\"https:\/\/www.uv.es\/\" target=\"_blank\" rel=\"noopener\">Universit\u00e9 polytechnique de Valence <\/a><\/p>\n<p>[\/vc_column_text][\/vc_column_inner][vc_column_inner width=\u00a0\u00bb1\/4&Prime;][vc_single_image image=\u00a0\u00bb13944&Prime; img_size=\u00a0\u00bbfull\u00a0\u00bb alignment=\u00a0\u00bbcenter\u00a0\u00bb][vc_column_text]<\/p>\n<p style=\"text-align: center;\"><a href=\"https:\/\/www.upm.es\/\" target=\"_blank\" rel=\"noopener\">Universit\u00e9 polytechnique de Madrid <\/a><\/p>\n<p>[\/vc_column_text][\/vc_column_inner][vc_column_inner width=\u00a0\u00bb1\/4&Prime;][vc_single_image image=\u00a0\u00bb13943&Prime; img_size=\u00a0\u00bbfull\u00a0\u00bb alignment=\u00a0\u00bbcenter\u00a0\u00bb][vc_column_text]<\/p>\n<p style=\"text-align: center;\"><a href=\"https:\/\/www.upct.es\/\" target=\"_blank\" rel=\"noopener\">UPCT <\/a><\/p>\n<p>[\/vc_column_text][\/vc_column_inner][\/vc_row_inner][vc_row_inner row_content_width=\u00a0\u00bbgrid\u00a0\u00bb el_class=\u00a0\u00bblistalogoscolaboradores\u00a0\u00bb][vc_column_inner width=\u00a0\u00bb1\/4&Prime;][vc_single_image image=\u00a0\u00bb13942&Prime; img_size=\u00a0\u00bbfull\u00a0\u00bb alignment=\u00a0\u00bbcenter\u00a0\u00bb][vc_column_text]<\/p>\n<p style=\"text-align: center;\"><a href=\"https:\/\/www.um.es\/\" target=\"_blank\" rel=\"noopener\">Universit\u00e9 de Murcie <\/a><\/p>\n<p>[\/vc_column_text][\/vc_column_inner][vc_column_inner width=\u00a0\u00bb1\/4&Prime;][vc_single_image image=\u00a0\u00bb13941&Prime; img_size=\u00a0\u00bbfull\u00a0\u00bb alignment=\u00a0\u00bbcenter\u00a0\u00bb][vc_column_text]<\/p>\n<p style=\"text-align: center;\"><a href=\"http:\/\/www.cetem.es\/\" target=\"_blank\" rel=\"noopener\">Cetem<\/a><\/p>\n<p>[\/vc_column_text][\/vc_column_inner][vc_column_inner width=\u00a0\u00bb1\/4&Prime;][vc_single_image image=\u00a0\u00bb13940&Prime; img_size=\u00a0\u00bbfull\u00a0\u00bb alignment=\u00a0\u00bbcenter\u00a0\u00bb][vc_column_text]<\/p>\n<p style=\"text-align: center;\"><a href=\"https:\/\/ctmetal.es\/\" target=\"_blank\" rel=\"noopener\">Centre de technologie des m\u00e9taux de Murcie <\/a><\/p>\n<p>[\/vc_column_text][\/vc_column_inner][vc_column_inner width=\u00a0\u00bb1\/4&Prime;][vc_single_image image=\u00a0\u00bb13939&Prime; img_size=\u00a0\u00bbfull\u00a0\u00bb alignment=\u00a0\u00bbcenter\u00a0\u00bb][vc_column_text]<\/p>\n<p style=\"text-align: center;\"><a href=\"https:\/\/ctnaval.com\/\" target=\"_blank\" rel=\"noopener\">Centre de technologie navale et maritime <\/a><\/p>\n<p>[\/vc_column_text][\/vc_column_inner][\/vc_row_inner][\/vc_column][\/vc_row]<\/p>\n<\/div>","protected":false},"excerpt":{"rendered":"<p>[vc_row content_text_aligment=\u00a0\u00bbcenter\u00a0\u00bb css=\u00a0\u00bb.vc_custom_1701680138947{padding-top: 100px !important;padding-bottom: 100px !important;background-image: url(https:\/\/ppadilla.es\/wp-content\/uploads\/2023\/11\/CABECERA-LA-EMPRESA.png?id=10775) !important;background-position: center !important;background-repeat: no-repeat !important;background-size: cover !important;}\u00a0\u00bb el_class=\u00a0\u00bbcabecera\u00a0\u00bb][vc_column css=\u00a0\u00bb.vc_custom_1621932560241{margin-top: -15px !important;}\u00a0\u00bb][vc_single_image image=\u00a0\u00bb15125&Prime; img_size=\u00a0\u00bb70X70&Prime; alignment=\u00a0\u00bbcenter\u00a0\u00bb][vc_custom_heading text=\u00a0\u00bbPADILLA FIRE DOORS\u00a0\u00bb font_container=\u00a0\u00bbtag:h1|text_align:center|color:%23ffffff\u00a0\u00bb use_theme_fonts=\u00a0\u00bbyes\u00a0\u00bb][vc_custom_heading text=\u00a0\u00bbLeaders en innovation et internationalisation accompagn\u00e9 d&rsquo;une qualit\u00e9 certifi\u00e9e\u00a0\u00bb font_container=\u00a0\u00bbtag:h3|text_align:center|color:%23ffffff\u00a0\u00bb use_theme_fonts=\u00a0\u00bbyes\u00a0\u00bb][vc_separator color=\u00a0\u00bbwhite\u00a0\u00bb border_width=\u00a0\u00bb3&Prime; el_width=\u00a0\u00bb10&Prime;][\/vc_column][\/vc_row][vc_row content_text_aligment=\u00a0\u00bbcenter\u00a0\u00bb][vc_column][vc_custom_heading text=\u00a0\u00bbL&rsquo;ENTREPRISE\u00a0\u00bb font_container=\u00a0\u00bbtag:h2|text_align:center|color:%23000000&Prime; use_theme_fonts=\u00a0\u00bbyes\u00a0\u00bb][vc_row_inner [&hellip;]<\/p>\n","protected":false},"author":1,"featured_media":17400,"parent":0,"menu_order":0,"comment_status":"closed","ping_status":"closed","template":"full-width.php","meta":{"_acf_changed":false,"footnotes":""},"class_list":["post-13467","page","type-page","status-publish","has-post-thumbnail","hentry"],"acf":[],"yoast_head":"<!-- This site is optimized with the Yoast SEO plugin v26.8 - https:\/\/yoast.com\/product\/yoast-seo-wordpress\/ -->\n<title>PADILLA - Puertas Padilla<\/title>\n<meta name=\"robots\" content=\"index, follow, max-snippet:-1, max-image-preview:large, max-video-preview:-1\" \/>\n<link rel=\"canonical\" href=\"https:\/\/ppadilla.es\/fr\/portes-de-padilla\/\" \/>\n<meta property=\"og:locale\" content=\"fr_FR\" \/>\n<meta property=\"og:type\" content=\"article\" \/>\n<meta property=\"og:title\" content=\"PADILLA - Puertas Padilla\" \/>\n<meta property=\"og:description\" content=\"[vc_row content_text_aligment=\u00a0\u00bbcenter\u00a0\u00bb css=\u00a0\u00bb.vc_custom_1701680138947{padding-top: 100px !important;padding-bottom: 100px !important;background-image: url(https:\/\/ppadilla.es\/wp-content\/uploads\/2023\/11\/CABECERA-LA-EMPRESA.png?id=10775) !important;background-position: center !important;background-repeat: no-repeat !important;background-size: cover !important;}\u00a0\u00bb el_class=\u00a0\u00bbcabecera\u00a0\u00bb][vc_column css=\u00a0\u00bb.vc_custom_1621932560241{margin-top: -15px !important;}\u00a0\u00bb][vc_single_image image=\u00a0\u00bb15125&Prime; img_size=\u00a0\u00bb70X70&Prime; alignment=\u00a0\u00bbcenter\u00a0\u00bb][vc_custom_heading text=\u00a0\u00bbPADILLA FIRE DOORS\u00a0\u00bb font_container=\u00a0\u00bbtag:h1|text_align:center|color:%23ffffff\u00a0\u00bb use_theme_fonts=\u00a0\u00bbyes\u00a0\u00bb][vc_custom_heading text=\u00a0\u00bbLeaders en innovation et internationalisation accompagn\u00e9 d&rsquo;une qualit\u00e9 certifi\u00e9e\u00a0\u00bb font_container=\u00a0\u00bbtag:h3|text_align:center|color:%23ffffff\u00a0\u00bb use_theme_fonts=\u00a0\u00bbyes\u00a0\u00bb][vc_separator color=\u00a0\u00bbwhite\u00a0\u00bb border_width=\u00a0\u00bb3&Prime; el_width=\u00a0\u00bb10&Prime;][\/vc_column][\/vc_row][vc_row content_text_aligment=\u00a0\u00bbcenter\u00a0\u00bb][vc_column][vc_custom_heading text=\u00a0\u00bbL&rsquo;ENTREPRISE\u00a0\u00bb font_container=\u00a0\u00bbtag:h2|text_align:center|color:%23000000&Prime; use_theme_fonts=\u00a0\u00bbyes\u00a0\u00bb][vc_row_inner [&hellip;]\" \/>\n<meta property=\"og:url\" content=\"https:\/\/ppadilla.es\/fr\/portes-de-padilla\/\" \/>\n<meta property=\"og:site_name\" content=\"Puertas Padilla\" \/>\n<meta property=\"article:modified_time\" content=\"2024-07-01T12:07:19+00:00\" \/>\n<meta name=\"twitter:card\" content=\"summary_large_image\" \/>\n<meta name=\"twitter:label1\" content=\"Dur\u00e9e de lecture estim\u00e9e\" \/>\n\t<meta name=\"twitter:data1\" content=\"3 minutes\" \/>\n<script type=\"application\/ld+json\" class=\"yoast-schema-graph\">{\"@context\":\"https:\/\/schema.org\",\"@graph\":[{\"@type\":\"WebPage\",\"@id\":\"https:\/\/ppadilla.es\/fr\/portes-de-padilla\/\",\"url\":\"https:\/\/ppadilla.es\/fr\/portes-de-padilla\/\",\"name\":\"PADILLA - Puertas Padilla\",\"isPartOf\":{\"@id\":\"https:\/\/ppadilla.es\/#website\"},\"primaryImageOfPage\":{\"@id\":\"https:\/\/ppadilla.es\/fr\/portes-de-padilla\/#primaryimage\"},\"image\":{\"@id\":\"https:\/\/ppadilla.es\/fr\/portes-de-padilla\/#primaryimage\"},\"thumbnailUrl\":\"https:\/\/ppadilla.es\/wp-content\/uploads\/2025\/03\/fotos-abc.jpg\",\"datePublished\":\"2024-04-05T09:49:37+00:00\",\"dateModified\":\"2024-07-01T12:07:19+00:00\",\"breadcrumb\":{\"@id\":\"https:\/\/ppadilla.es\/fr\/portes-de-padilla\/#breadcrumb\"},\"inLanguage\":\"fr-FR\",\"potentialAction\":[{\"@type\":\"ReadAction\",\"target\":[\"https:\/\/ppadilla.es\/fr\/portes-de-padilla\/\"]}]},{\"@type\":\"ImageObject\",\"inLanguage\":\"fr-FR\",\"@id\":\"https:\/\/ppadilla.es\/fr\/portes-de-padilla\/#primaryimage\",\"url\":\"https:\/\/ppadilla.es\/wp-content\/uploads\/2025\/03\/fotos-abc.jpg\",\"contentUrl\":\"https:\/\/ppadilla.es\/wp-content\/uploads\/2025\/03\/fotos-abc.jpg\",\"width\":980,\"height\":499},{\"@type\":\"BreadcrumbList\",\"@id\":\"https:\/\/ppadilla.es\/fr\/portes-de-padilla\/#breadcrumb\",\"itemListElement\":[{\"@type\":\"ListItem\",\"position\":1,\"name\":\"Portada\",\"item\":\"https:\/\/ppadilla.es\/fr\/\"},{\"@type\":\"ListItem\",\"position\":2,\"name\":\"PADILLA\"}]},{\"@type\":\"WebSite\",\"@id\":\"https:\/\/ppadilla.es\/#website\",\"url\":\"https:\/\/ppadilla.es\/\",\"name\":\"Puertas Padilla\",\"description\":\"L\u00cdDERES EN PUERTAS CORTAFUEGOS\",\"potentialAction\":[{\"@type\":\"SearchAction\",\"target\":{\"@type\":\"EntryPoint\",\"urlTemplate\":\"https:\/\/ppadilla.es\/?s={search_term_string}\"},\"query-input\":{\"@type\":\"PropertyValueSpecification\",\"valueRequired\":true,\"valueName\":\"search_term_string\"}}],\"inLanguage\":\"fr-FR\"}]}<\/script>\n<!-- \/ Yoast SEO plugin. -->","yoast_head_json":{"title":"PADILLA - Puertas Padilla","robots":{"index":"index","follow":"follow","max-snippet":"max-snippet:-1","max-image-preview":"max-image-preview:large","max-video-preview":"max-video-preview:-1"},"canonical":"https:\/\/ppadilla.es\/fr\/portes-de-padilla\/","og_locale":"fr_FR","og_type":"article","og_title":"PADILLA - Puertas Padilla","og_description":"[vc_row content_text_aligment=\u00a0\u00bbcenter\u00a0\u00bb css=\u00a0\u00bb.vc_custom_1701680138947{padding-top: 100px !important;padding-bottom: 100px !important;background-image: url(https:\/\/ppadilla.es\/wp-content\/uploads\/2023\/11\/CABECERA-LA-EMPRESA.png?id=10775) !important;background-position: center !important;background-repeat: no-repeat !important;background-size: cover !important;}\u00a0\u00bb el_class=\u00a0\u00bbcabecera\u00a0\u00bb][vc_column css=\u00a0\u00bb.vc_custom_1621932560241{margin-top: -15px !important;}\u00a0\u00bb][vc_single_image image=\u00a0\u00bb15125&Prime; img_size=\u00a0\u00bb70X70&Prime; alignment=\u00a0\u00bbcenter\u00a0\u00bb][vc_custom_heading text=\u00a0\u00bbPADILLA FIRE DOORS\u00a0\u00bb font_container=\u00a0\u00bbtag:h1|text_align:center|color:%23ffffff\u00a0\u00bb use_theme_fonts=\u00a0\u00bbyes\u00a0\u00bb][vc_custom_heading text=\u00a0\u00bbLeaders en innovation et internationalisation accompagn\u00e9 d&rsquo;une qualit\u00e9 certifi\u00e9e\u00a0\u00bb font_container=\u00a0\u00bbtag:h3|text_align:center|color:%23ffffff\u00a0\u00bb use_theme_fonts=\u00a0\u00bbyes\u00a0\u00bb][vc_separator color=\u00a0\u00bbwhite\u00a0\u00bb border_width=\u00a0\u00bb3&Prime; el_width=\u00a0\u00bb10&Prime;][\/vc_column][\/vc_row][vc_row content_text_aligment=\u00a0\u00bbcenter\u00a0\u00bb][vc_column][vc_custom_heading text=\u00a0\u00bbL&rsquo;ENTREPRISE\u00a0\u00bb font_container=\u00a0\u00bbtag:h2|text_align:center|color:%23000000&Prime; use_theme_fonts=\u00a0\u00bbyes\u00a0\u00bb][vc_row_inner [&hellip;]","og_url":"https:\/\/ppadilla.es\/fr\/portes-de-padilla\/","og_site_name":"Puertas Padilla","article_modified_time":"2024-07-01T12:07:19+00:00","twitter_card":"summary_large_image","twitter_misc":{"Dur\u00e9e de lecture estim\u00e9e":"3 minutes"},"schema":{"@context":"https:\/\/schema.org","@graph":[{"@type":"WebPage","@id":"https:\/\/ppadilla.es\/fr\/portes-de-padilla\/","url":"https:\/\/ppadilla.es\/fr\/portes-de-padilla\/","name":"PADILLA - Puertas Padilla","isPartOf":{"@id":"https:\/\/ppadilla.es\/#website"},"primaryImageOfPage":{"@id":"https:\/\/ppadilla.es\/fr\/portes-de-padilla\/#primaryimage"},"image":{"@id":"https:\/\/ppadilla.es\/fr\/portes-de-padilla\/#primaryimage"},"thumbnailUrl":"https:\/\/ppadilla.es\/wp-content\/uploads\/2025\/03\/fotos-abc.jpg","datePublished":"2024-04-05T09:49:37+00:00","dateModified":"2024-07-01T12:07:19+00:00","breadcrumb":{"@id":"https:\/\/ppadilla.es\/fr\/portes-de-padilla\/#breadcrumb"},"inLanguage":"fr-FR","potentialAction":[{"@type":"ReadAction","target":["https:\/\/ppadilla.es\/fr\/portes-de-padilla\/"]}]},{"@type":"ImageObject","inLanguage":"fr-FR","@id":"https:\/\/ppadilla.es\/fr\/portes-de-padilla\/#primaryimage","url":"https:\/\/ppadilla.es\/wp-content\/uploads\/2025\/03\/fotos-abc.jpg","contentUrl":"https:\/\/ppadilla.es\/wp-content\/uploads\/2025\/03\/fotos-abc.jpg","width":980,"height":499},{"@type":"BreadcrumbList","@id":"https:\/\/ppadilla.es\/fr\/portes-de-padilla\/#breadcrumb","itemListElement":[{"@type":"ListItem","position":1,"name":"Portada","item":"https:\/\/ppadilla.es\/fr\/"},{"@type":"ListItem","position":2,"name":"PADILLA"}]},{"@type":"WebSite","@id":"https:\/\/ppadilla.es\/#website","url":"https:\/\/ppadilla.es\/","name":"Puertas Padilla","description":"L\u00cdDERES EN PUERTAS CORTAFUEGOS","potentialAction":[{"@type":"SearchAction","target":{"@type":"EntryPoint","urlTemplate":"https:\/\/ppadilla.es\/?s={search_term_string}"},"query-input":{"@type":"PropertyValueSpecification","valueRequired":true,"valueName":"search_term_string"}}],"inLanguage":"fr-FR"}]}},"_links":{"self":[{"href":"https:\/\/ppadilla.es\/fr\/wp-json\/wp\/v2\/pages\/13467","targetHints":{"allow":["GET"]}}],"collection":[{"href":"https:\/\/ppadilla.es\/fr\/wp-json\/wp\/v2\/pages"}],"about":[{"href":"https:\/\/ppadilla.es\/fr\/wp-json\/wp\/v2\/types\/page"}],"author":[{"embeddable":true,"href":"https:\/\/ppadilla.es\/fr\/wp-json\/wp\/v2\/users\/1"}],"replies":[{"embeddable":true,"href":"https:\/\/ppadilla.es\/fr\/wp-json\/wp\/v2\/comments?post=13467"}],"version-history":[{"count":26,"href":"https:\/\/ppadilla.es\/fr\/wp-json\/wp\/v2\/pages\/13467\/revisions"}],"predecessor-version":[{"id":15320,"href":"https:\/\/ppadilla.es\/fr\/wp-json\/wp\/v2\/pages\/13467\/revisions\/15320"}],"wp:featuredmedia":[{"embeddable":true,"href":"https:\/\/ppadilla.es\/fr\/wp-json\/wp\/v2\/media\/17400"}],"wp:attachment":[{"href":"https:\/\/ppadilla.es\/fr\/wp-json\/wp\/v2\/media?parent=13467"}],"curies":[{"name":"wp","href":"https:\/\/api.w.org\/{rel}","templated":true}]}}